{"id":11959,"date":"2023-05-06T23:33:50","date_gmt":"2023-05-06T21:33:50","guid":{"rendered":"https:\/\/www.manonenluberon.fr\/?post_type=mphb_room_type&#038;p=11959"},"modified":"2025-05-12T15:52:45","modified_gmt":"2025-05-12T13:52:45","slug":"chambre-dhotes-petit-luberon","status":"publish","type":"mphb_room_type","link":"https:\/\/www.manonenluberon.fr\/index.php\/accommodation\/chambre-dhotes-petit-luberon\/","title":{"rendered":"Chambre d&rsquo;h\u00f4tes Petit Luberon"},"content":{"rendered":"\n<p><strong>Chambre d\u2019h\u00f4tes Petit Luberon : confort et charme proven\u00e7al<\/strong><\/p>\n\n\n\n<p>Bienvenue dans la chambre&nbsp;<strong>Petit Luberon<\/strong>, un cocon climatis\u00e9 parfait pour accueillir jusqu\u2019\u00e0&nbsp;<strong>2 personnes<\/strong>. Profitez d\u2019un&nbsp;<strong>lit confortable en 160\u00d7200<\/strong>&nbsp;et d\u2019une salle de douche privative directement accessible depuis la chambre, \u00e9quip\u00e9e d\u2019une vasque, d\u2019une douche et d\u2019un WC.<\/p>\n\n\n\n<p>La chambre dispose d\u2019une porte-fen\u00eatre ouvrant sur la&nbsp;<strong>terrasse sud du mas<\/strong>, id\u00e9ale pour profiter des doux rayons de soleil proven\u00e7aux. Un&nbsp;<strong>parking vid\u00e9osurveill\u00e9<\/strong>&nbsp;est \u00e0 votre disposition pour stationner votre v\u00e9hicule en toute s\u00e9r\u00e9nit\u00e9.<\/p>\n\n\n\n<p>Le&nbsp;<strong>petit d\u00e9jeuner continental<\/strong>, inclus dans le tarif, est un v\u00e9ritable r\u00e9gal pour bien d\u00e9marrer la journ\u00e9e. Il comprend :<\/p>\n\n\n\n<ul class=\"wp-block-list\">\n<li>C\u00e9r\u00e9ales, viennoiseries, pain, beurre, confiture maison,<\/li>\n\n\n\n<li>Yaourts, fruits frais,<\/li>\n\n\n\n<li>Boissons chaudes et jus de fruits.<br>Vous pourrez le d\u00e9guster sur la\u00a0<strong>terrasse sud<\/strong>, devant le mas, dans un cadre enchanteur.<\/li>\n<\/ul>\n\n\n\n<p><strong>Activit\u00e9s et bien-\u00eatre sur le domaine<\/strong><br>Votre s\u00e9jour comprend \u00e9galement l\u2019acc\u00e8s \u00e0 :<\/p>\n\n\n\n<ul class=\"wp-block-list\">\n<li>La\u00a0<strong>piscine<\/strong>\u00a0pour vous rafra\u00eechir,<\/li>\n\n\n\n<li>Les\u00a0<strong>espaces de jeux<\/strong>\u00a0du domaine : boulodrome, toboggan, balan\u00e7oire, trampoline, ping-pong, baby-foot, cages de foot, et un \u00e9chiquier g\u00e9ant.<\/li>\n<\/ul>\n\n\n\n<p>Pour un moment de d\u00e9tente suppl\u00e9mentaire, offrez-vous un acc\u00e8s privatif \u00e0 notre&nbsp;<strong>spa<\/strong>&nbsp;pendant&nbsp;<strong>50 minutes<\/strong>, au tarif de&nbsp;<strong>30 \u20ac<\/strong>&nbsp;(sur r\u00e9servation).<\/p>\n\n\n\n<p>Un s\u00e9jour alliant confort, convivialit\u00e9 et loisirs dans le cadre exceptionnel du Luberon !<\/p>\n","protected":false},"excerpt":{"rendered":"<p>Chambre d\u2019h\u00f4tes Petit Luberon : confort et charme proven\u00e7al Bienvenue dans la chambre&nbsp;Petit Luberon, un cocon climatis\u00e9 parfait pour accueillir jusqu\u2019\u00e0&nbsp;2 personnes. Profitez d\u2019un&nbsp;lit confortable en 160\u00d7200&nbsp;et d\u2019une salle de douche privative directement accessible depuis la chambre, \u00e9quip\u00e9e d\u2019une vasque, d\u2019une douche et d\u2019un WC. La chambre dispose d\u2019une porte-fen\u00eatre ouvrant sur la&nbsp;terrasse sud du [&hellip;]<\/p>\n","protected":false},"featured_media":11530,"menu_order":0,"comment_status":"open","ping_status":"closed","template":"","mphb_room_type_category":[],"mphb_room_type_tag":[],"mphb_room_type_facility":[40,39,36,31,37,49,48,46,38,43,42],"class_list":["post-11959","mphb_room_type","type-mphb_room_type","status-publish","has-post-thumbnail","hentry","mphb_room_type_facility-1-salle-deau","mphb_room_type_facility-acces-aux-espaces-de-jeux-exterieurs","mphb_room_type_facility-acces-piscine","mphb_room_type_facility-clim","mphb_room_type_facility-linge-de-lit-fourni-et-installe","mphb_room_type_facility-petit-dejeuner-inclus","mphb_room_type_facility-produits-daccueil","mphb_room_type_facility-seche-cheveux","mphb_room_type_facility-serviettes-de-bain","mphb_room_type_facility-tv-ecran-plat","mphb_room_type_facility-wifi","entry","has-media","mphb-room-type-adults-2","mphb-room-type-children-0","has-taxes-and-fees"],"yoast_head":"<!-- This site is optimized with the Yoast SEO plugin v24.0 - https:\/\/yoast.com\/wordpress\/plugins\/seo\/ -->\n<title>Chambre d&#039;h\u00f4tes Petit Luberon - Manon en Luberon<\/title>\n<meta name=\"robots\" content=\"index, follow, max-snippet:-1, max-image-preview:large, max-video-preview:-1\" \/>\n<link rel=\"canonical\" href=\"https:\/\/www.manonenluberon.fr\/index.php\/accommodation\/chambre-dhotes-petit-luberon\/\" \/>\n<meta property=\"og:locale\" content=\"fr_FR\" \/>\n<meta property=\"og:type\" content=\"article\" \/>\n<meta property=\"og:title\" content=\"Chambre d&#039;h\u00f4tes Petit Luberon - Manon en Luberon\" \/>\n<meta property=\"og:description\" content=\"Chambre d\u2019h\u00f4tes Petit Luberon : confort et charme proven\u00e7al Bienvenue dans la chambre&nbsp;Petit Luberon, un cocon climatis\u00e9 parfait pour accueillir jusqu\u2019\u00e0&nbsp;2 personnes. Profitez d\u2019un&nbsp;lit confortable en 160\u00d7200&nbsp;et d\u2019une salle de douche privative directement accessible depuis la chambre, \u00e9quip\u00e9e d\u2019une vasque, d\u2019une douche et d\u2019un WC. La chambre dispose d\u2019une porte-fen\u00eatre ouvrant sur la&nbsp;terrasse sud du [&hellip;]\" \/>\n<meta property=\"og:url\" content=\"https:\/\/www.manonenluberon.fr\/index.php\/accommodation\/chambre-dhotes-petit-luberon\/\" \/>\n<meta property=\"og:site_name\" content=\"Manon en Luberon\" \/>\n<meta property=\"article:modified_time\" content=\"2025-05-12T13:52:45+00:00\" \/>\n<meta property=\"og:image\" content=\"https:\/\/www.manonenluberon.fr\/wp-content\/uploads\/2023\/05\/PXL_20230405_151949994-scaled.jpg\" \/>\n\t<meta property=\"og:image:width\" content=\"2560\" \/>\n\t<meta property=\"og:image:height\" content=\"1928\" \/>\n\t<meta property=\"og:image:type\" content=\"image\/jpeg\" \/>\n<meta name=\"twitter:card\" content=\"summary_large_image\" \/>\n<meta name=\"twitter:label1\" content=\"Dur\u00e9e de lecture estim\u00e9e\" \/>\n\t<meta name=\"twitter:data1\" content=\"2 minutes\" \/>\n<script type=\"application\/ld+json\" class=\"yoast-schema-graph\">{\"@context\":\"https:\/\/schema.org\",\"@graph\":[{\"@type\":\"WebPage\",\"@id\":\"https:\/\/www.manonenluberon.fr\/index.php\/accommodation\/chambre-dhotes-petit-luberon\/\",\"url\":\"https:\/\/www.manonenluberon.fr\/index.php\/accommodation\/chambre-dhotes-petit-luberon\/\",\"name\":\"Chambre d'h\u00f4tes Petit Luberon - Manon en Luberon\",\"isPartOf\":{\"@id\":\"https:\/\/www.manonenluberon.fr\/#website\"},\"primaryImageOfPage\":{\"@id\":\"https:\/\/www.manonenluberon.fr\/index.php\/accommodation\/chambre-dhotes-petit-luberon\/#primaryimage\"},\"image\":{\"@id\":\"https:\/\/www.manonenluberon.fr\/index.php\/accommodation\/chambre-dhotes-petit-luberon\/#primaryimage\"},\"thumbnailUrl\":\"https:\/\/www.manonenluberon.fr\/wp-content\/uploads\/2023\/05\/PXL_20230405_151949994-scaled.jpg\",\"datePublished\":\"2023-05-06T21:33:50+00:00\",\"dateModified\":\"2025-05-12T13:52:45+00:00\",\"breadcrumb\":{\"@id\":\"https:\/\/www.manonenluberon.fr\/index.php\/accommodation\/chambre-dhotes-petit-luberon\/#breadcrumb\"},\"inLanguage\":\"fr-FR\",\"potentialAction\":[{\"@type\":\"ReadAction\",\"target\":[\"https:\/\/www.manonenluberon.fr\/index.php\/accommodation\/chambre-dhotes-petit-luberon\/\"]}]},{\"@type\":\"ImageObject\",\"inLanguage\":\"fr-FR\",\"@id\":\"https:\/\/www.manonenluberon.fr\/index.php\/accommodation\/chambre-dhotes-petit-luberon\/#primaryimage\",\"url\":\"https:\/\/www.manonenluberon.fr\/wp-content\/uploads\/2023\/05\/PXL_20230405_151949994-scaled.jpg\",\"contentUrl\":\"https:\/\/www.manonenluberon.fr\/wp-content\/uploads\/2023\/05\/PXL_20230405_151949994-scaled.jpg\",\"width\":2560,\"height\":1928},{\"@type\":\"BreadcrumbList\",\"@id\":\"https:\/\/www.manonenluberon.fr\/index.php\/accommodation\/chambre-dhotes-petit-luberon\/#breadcrumb\",\"itemListElement\":[{\"@type\":\"ListItem\",\"position\":1,\"name\":\"Accueil\",\"item\":\"https:\/\/www.manonenluberon.fr\/\"},{\"@type\":\"ListItem\",\"position\":2,\"name\":\"Types de logement\",\"item\":\"https:\/\/www.manonenluberon.fr\/index.php\/accommodation\/\"},{\"@type\":\"ListItem\",\"position\":3,\"name\":\"Chambre d&rsquo;h\u00f4tes Petit Luberon\"}]},{\"@type\":\"WebSite\",\"@id\":\"https:\/\/www.manonenluberon.fr\/#website\",\"url\":\"https:\/\/www.manonenluberon.fr\/\",\"name\":\"Manon en Luberon\",\"description\":\"G\u00eetes et Chambres d&#039;h\u00f4tes en Provence\",\"publisher\":{\"@id\":\"https:\/\/www.manonenluberon.fr\/#organization\"},\"potentialAction\":[{\"@type\":\"SearchAction\",\"target\":{\"@type\":\"EntryPoint\",\"urlTemplate\":\"https:\/\/www.manonenluberon.fr\/?s={search_term_string}\"},\"query-input\":{\"@type\":\"PropertyValueSpecification\",\"valueRequired\":true,\"valueName\":\"search_term_string\"}}],\"inLanguage\":\"fr-FR\"},{\"@type\":\"Organization\",\"@id\":\"https:\/\/www.manonenluberon.fr\/#organization\",\"name\":\"Manon en Luberon\",\"url\":\"https:\/\/www.manonenluberon.fr\/\",\"logo\":{\"@type\":\"ImageObject\",\"inLanguage\":\"fr-FR\",\"@id\":\"https:\/\/www.manonenluberon.fr\/#\/schema\/logo\/image\/\",\"url\":\"https:\/\/www.manonenluberon.fr\/wp-content\/uploads\/2022\/11\/Sans-titre-2-e1671486317725.png\",\"contentUrl\":\"https:\/\/www.manonenluberon.fr\/wp-content\/uploads\/2022\/11\/Sans-titre-2-e1671486317725.png\",\"width\":883,\"height\":664,\"caption\":\"Manon en Luberon\"},\"image\":{\"@id\":\"https:\/\/www.manonenluberon.fr\/#\/schema\/logo\/image\/\"}}]}<\/script>\n<!-- \/ Yoast SEO plugin. -->","yoast_head_json":{"title":"Chambre d'h\u00f4tes Petit Luberon - Manon en Luberon","robots":{"index":"index","follow":"follow","max-snippet":"max-snippet:-1","max-image-preview":"max-image-preview:large","max-video-preview":"max-video-preview:-1"},"canonical":"https:\/\/www.manonenluberon.fr\/index.php\/accommodation\/chambre-dhotes-petit-luberon\/","og_locale":"fr_FR","og_type":"article","og_title":"Chambre d'h\u00f4tes Petit Luberon - Manon en Luberon","og_description":"Chambre d\u2019h\u00f4tes Petit Luberon : confort et charme proven\u00e7al Bienvenue dans la chambre&nbsp;Petit Luberon, un cocon climatis\u00e9 parfait pour accueillir jusqu\u2019\u00e0&nbsp;2 personnes. Profitez d\u2019un&nbsp;lit confortable en 160\u00d7200&nbsp;et d\u2019une salle de douche privative directement accessible depuis la chambre, \u00e9quip\u00e9e d\u2019une vasque, d\u2019une douche et d\u2019un WC. La chambre dispose d\u2019une porte-fen\u00eatre ouvrant sur la&nbsp;terrasse sud du [&hellip;]","og_url":"https:\/\/www.manonenluberon.fr\/index.php\/accommodation\/chambre-dhotes-petit-luberon\/","og_site_name":"Manon en Luberon","article_modified_time":"2025-05-12T13:52:45+00:00","og_image":[{"width":2560,"height":1928,"url":"https:\/\/www.manonenluberon.fr\/wp-content\/uploads\/2023\/05\/PXL_20230405_151949994-scaled.jpg","type":"image\/jpeg"}],"twitter_card":"summary_large_image","twitter_misc":{"Dur\u00e9e de lecture estim\u00e9e":"2 minutes"},"schema":{"@context":"https:\/\/schema.org","@graph":[{"@type":"WebPage","@id":"https:\/\/www.manonenluberon.fr\/index.php\/accommodation\/chambre-dhotes-petit-luberon\/","url":"https:\/\/www.manonenluberon.fr\/index.php\/accommodation\/chambre-dhotes-petit-luberon\/","name":"Chambre d'h\u00f4tes Petit Luberon - Manon en Luberon","isPartOf":{"@id":"https:\/\/www.manonenluberon.fr\/#website"},"primaryImageOfPage":{"@id":"https:\/\/www.manonenluberon.fr\/index.php\/accommodation\/chambre-dhotes-petit-luberon\/#primaryimage"},"image":{"@id":"https:\/\/www.manonenluberon.fr\/index.php\/accommodation\/chambre-dhotes-petit-luberon\/#primaryimage"},"thumbnailUrl":"https:\/\/www.manonenluberon.fr\/wp-content\/uploads\/2023\/05\/PXL_20230405_151949994-scaled.jpg","datePublished":"2023-05-06T21:33:50+00:00","dateModified":"2025-05-12T13:52:45+00:00","breadcrumb":{"@id":"https:\/\/www.manonenluberon.fr\/index.php\/accommodation\/chambre-dhotes-petit-luberon\/#breadcrumb"},"inLanguage":"fr-FR","potentialAction":[{"@type":"ReadAction","target":["https:\/\/www.manonenluberon.fr\/index.php\/accommodation\/chambre-dhotes-petit-luberon\/"]}]},{"@type":"ImageObject","inLanguage":"fr-FR","@id":"https:\/\/www.manonenluberon.fr\/index.php\/accommodation\/chambre-dhotes-petit-luberon\/#primaryimage","url":"https:\/\/www.manonenluberon.fr\/wp-content\/uploads\/2023\/05\/PXL_20230405_151949994-scaled.jpg","contentUrl":"https:\/\/www.manonenluberon.fr\/wp-content\/uploads\/2023\/05\/PXL_20230405_151949994-scaled.jpg","width":2560,"height":1928},{"@type":"BreadcrumbList","@id":"https:\/\/www.manonenluberon.fr\/index.php\/accommodation\/chambre-dhotes-petit-luberon\/#breadcrumb","itemListElement":[{"@type":"ListItem","position":1,"name":"Accueil","item":"https:\/\/www.manonenluberon.fr\/"},{"@type":"ListItem","position":2,"name":"Types de logement","item":"https:\/\/www.manonenluberon.fr\/index.php\/accommodation\/"},{"@type":"ListItem","position":3,"name":"Chambre d&rsquo;h\u00f4tes Petit Luberon"}]},{"@type":"WebSite","@id":"https:\/\/www.manonenluberon.fr\/#website","url":"https:\/\/www.manonenluberon.fr\/","name":"Manon en Luberon","description":"G\u00eetes et Chambres d&#039;h\u00f4tes en Provence","publisher":{"@id":"https:\/\/www.manonenluberon.fr\/#organization"},"potentialAction":[{"@type":"SearchAction","target":{"@type":"EntryPoint","urlTemplate":"https:\/\/www.manonenluberon.fr\/?s={search_term_string}"},"query-input":{"@type":"PropertyValueSpecification","valueRequired":true,"valueName":"search_term_string"}}],"inLanguage":"fr-FR"},{"@type":"Organization","@id":"https:\/\/www.manonenluberon.fr\/#organization","name":"Manon en Luberon","url":"https:\/\/www.manonenluberon.fr\/","logo":{"@type":"ImageObject","inLanguage":"fr-FR","@id":"https:\/\/www.manonenluberon.fr\/#\/schema\/logo\/image\/","url":"https:\/\/www.manonenluberon.fr\/wp-content\/uploads\/2022\/11\/Sans-titre-2-e1671486317725.png","contentUrl":"https:\/\/www.manonenluberon.fr\/wp-content\/uploads\/2022\/11\/Sans-titre-2-e1671486317725.png","width":883,"height":664,"caption":"Manon en Luberon"},"image":{"@id":"https:\/\/www.manonenluberon.fr\/#\/schema\/logo\/image\/"}}]}},"_links":{"self":[{"href":"https:\/\/www.manonenluberon.fr\/index.php\/wp-json\/wp\/v2\/mphb_room_type\/11959","targetHints":{"allow":["GET"]}}],"collection":[{"href":"https:\/\/www.manonenluberon.fr\/index.php\/wp-json\/wp\/v2\/mphb_room_type"}],"about":[{"href":"https:\/\/www.manonenluberon.fr\/index.php\/wp-json\/wp\/v2\/types\/mphb_room_type"}],"replies":[{"embeddable":true,"href":"https:\/\/www.manonenluberon.fr\/index.php\/wp-json\/wp\/v2\/comments?post=11959"}],"wp:featuredmedia":[{"embeddable":true,"href":"https:\/\/www.manonenluberon.fr\/index.php\/wp-json\/wp\/v2\/media\/11530"}],"wp:attachment":[{"href":"https:\/\/www.manonenluberon.fr\/index.php\/wp-json\/wp\/v2\/media?parent=11959"}],"wp:term":[{"taxonomy":"mphb_room_type_category","embeddable":true,"href":"https:\/\/www.manonenluberon.fr\/index.php\/wp-json\/wp\/v2\/mphb_room_type_category?post=11959"},{"taxonomy":"mphb_room_type_tag","embeddable":true,"href":"https:\/\/www.manonenluberon.fr\/index.php\/wp-json\/wp\/v2\/mphb_room_type_tag?post=11959"},{"taxonomy":"mphb_room_type_facility","embeddable":true,"href":"https:\/\/www.manonenluberon.fr\/index.php\/wp-json\/wp\/v2\/mphb_room_type_facility?post=11959"}],"curies":[{"name":"wp","href":"https:\/\/api.w.org\/{rel}","templated":true}]}}