{"id":834,"date":"2023-03-13T21:39:15","date_gmt":"2023-03-13T20:39:15","guid":{"rendered":"https:\/\/www.manonenluberon.fr\/?post_type=mphb_room_type&#038;p=834"},"modified":"2025-05-12T15:59:56","modified_gmt":"2025-05-12T13:59:56","slug":"grand-luberon","status":"publish","type":"mphb_room_type","link":"https:\/\/www.manonenluberon.fr\/index.php\/accommodation\/grand-luberon\/","title":{"rendered":"G\u00eete Grand Luberon"},"content":{"rendered":"\n<p>Ce&nbsp;<strong>g\u00eete de charme class\u00e9 4 \u00e9toiles<\/strong>, situ\u00e9 au c\u0153ur du&nbsp;<strong>Luberon<\/strong>&nbsp;en&nbsp;<strong>Provence<\/strong>, offre un cadre parfait pour des&nbsp;<strong>vacances en famille<\/strong>. Avec une superficie d\u2019environ 55 m\u00b2, il est enti\u00e8rement&nbsp;<strong>climatis\u00e9<\/strong>&nbsp;et peut accueillir jusqu\u2019\u00e0 4 personnes, alliant confort moderne et authenticit\u00e9.<\/p>\n\n\n\n<p>Le g\u00eete se compose :<\/p>\n\n\n\n<ul class=\"wp-block-list\">\n<li>D\u2019une\u00a0<strong>cuisine \u00e9quip\u00e9e<\/strong>\u00a0ouverte sur un coin repas et un salon avec un canap\u00e9-lit haut de gamme (160 cm).<\/li>\n\n\n\n<li>D\u2019une chambre \u00e0 l\u2019\u00e9tage avec un lit en 160 cm.<\/li>\n\n\n\n<li>D\u2019une salle de douche avec WC.<\/li>\n\n\n\n<li>De deux t\u00e9l\u00e9visions (dans le salon et la chambre).<\/li>\n<\/ul>\n\n\n\n<p>Pour votre confort, le g\u00eete est \u00e9quip\u00e9 d\u2019un&nbsp;<strong>lave-vaisselle<\/strong>, d\u2019un&nbsp;<strong>lave-linge<\/strong>&nbsp;et d\u2019un&nbsp;<strong>s\u00e8che-linge<\/strong>, ainsi que de la&nbsp;<strong>climatisation<\/strong>&nbsp;dans les espaces de vie et la chambre.<\/p>\n\n\n\n<p>Profitez de moments de d\u00e9tente sur votre&nbsp;<strong>terrasse privative<\/strong>, situ\u00e9e sous un marronnier face au mas, id\u00e9ale pour vos repas en plein air. Un&nbsp;<strong>parking gratuit et vid\u00e9osurveill\u00e9<\/strong>&nbsp;est mis \u00e0 votre disposition pour votre tranquillit\u00e9.<\/p>\n\n\n\n<p>Les&nbsp;<strong>h\u00f4tes<\/strong>&nbsp;du domaine vous offrent \u00e9galement l\u2019acc\u00e8s \u00e0 la&nbsp;<strong>piscine<\/strong>, parfaite pour des moments de d\u00e9tente en famille, et la possibilit\u00e9 de r\u00e9server un acc\u00e8s privatif au&nbsp;<strong>spa<\/strong>&nbsp;(30 \u20ac pour 50 minutes).<\/p>\n\n\n\n<p>Si vous recherchez un h\u00e9bergement plus spacieux, il est possible de louer le g\u00eete en compl\u00e9ment de la chambre d\u2019h\u00f4tes \u00ab&nbsp;Grand Luberon&nbsp;\u00bb pour accueillir jusqu\u2019\u00e0 8 personnes. Contactez-nous pour plus d\u2019informations.<\/p>\n\n\n\n<p>Situ\u00e9 \u00e0 proximit\u00e9 des plus beaux villages du&nbsp;<strong>Luberon<\/strong>, comme&nbsp;<strong>Gordes<\/strong>, Bonnieux et Roussillon, ce g\u00eete est le choix id\u00e9al pour des&nbsp;<strong>vacances en Provence<\/strong>, entre authenticit\u00e9, confort et une pointe d\u2019<strong>insolite<\/strong><\/p>\n","protected":false},"excerpt":{"rendered":"<p>Ce&nbsp;g\u00eete de charme class\u00e9 4 \u00e9toiles, situ\u00e9 au c\u0153ur du&nbsp;Luberon&nbsp;en&nbsp;Provence, offre un cadre parfait pour des&nbsp;vacances en famille. Avec une superficie d\u2019environ 55 m\u00b2, il est enti\u00e8rement&nbsp;climatis\u00e9&nbsp;et peut accueillir jusqu\u2019\u00e0 4 personnes, alliant confort moderne et authenticit\u00e9. Le g\u00eete se compose : Pour votre confort, le g\u00eete est \u00e9quip\u00e9 d\u2019un&nbsp;lave-vaisselle, d\u2019un&nbsp;lave-linge&nbsp;et d\u2019un&nbsp;s\u00e8che-linge, ainsi que de [&hellip;]<\/p>\n","protected":false},"featured_media":11483,"menu_order":0,"comment_status":"open","ping_status":"closed","template":"","mphb_room_type_category":[],"mphb_room_type_tag":[],"mphb_room_type_facility":[40,39,36,44,31,33,37,45,50,48,46,38,43,42],"class_list":["post-834","mphb_room_type","type-mphb_room_type","status-publish","has-post-thumbnail","hentry","mphb_room_type_facility-1-salle-deau","mphb_room_type_facility-acces-aux-espaces-de-jeux-exterieurs","mphb_room_type_facility-acces-piscine","mphb_room_type_facility-bouilloire","mphb_room_type_facility-clim","mphb_room_type_facility-cuisine","mphb_room_type_facility-linge-de-lit-fourni-et-installe","mphb_room_type_facility-machine-a-cafe-nespresso-classique","mphb_room_type_facility-petit-dejeuner-en-option","mphb_room_type_facility-produits-daccueil","mphb_room_type_facility-seche-cheveux","mphb_room_type_facility-serviettes-de-bain","mphb_room_type_facility-tv-ecran-plat","mphb_room_type_facility-wifi","entry","has-media","mphb-room-type-adults-5","mphb-room-type-children-4","has-taxes-and-fees"],"yoast_head":"<!-- This site is optimized with the Yoast SEO plugin v24.0 - https:\/\/yoast.com\/wordpress\/plugins\/seo\/ -->\n<title>G\u00eete Grand Luberon - Manon en Luberon<\/title>\n<meta name=\"robots\" content=\"index, follow, max-snippet:-1, max-image-preview:large, max-video-preview:-1\" \/>\n<link rel=\"canonical\" href=\"https:\/\/www.manonenluberon.fr\/index.php\/accommodation\/grand-luberon\/\" \/>\n<meta property=\"og:locale\" content=\"fr_FR\" \/>\n<meta property=\"og:type\" content=\"article\" \/>\n<meta property=\"og:title\" content=\"G\u00eete Grand Luberon - Manon en Luberon\" \/>\n<meta property=\"og:description\" content=\"Ce&nbsp;g\u00eete de charme class\u00e9 4 \u00e9toiles, situ\u00e9 au c\u0153ur du&nbsp;Luberon&nbsp;en&nbsp;Provence, offre un cadre parfait pour des&nbsp;vacances en famille. Avec une superficie d\u2019environ 55 m\u00b2, il est enti\u00e8rement&nbsp;climatis\u00e9&nbsp;et peut accueillir jusqu\u2019\u00e0 4 personnes, alliant confort moderne et authenticit\u00e9. Le g\u00eete se compose : Pour votre confort, le g\u00eete est \u00e9quip\u00e9 d\u2019un&nbsp;lave-vaisselle, d\u2019un&nbsp;lave-linge&nbsp;et d\u2019un&nbsp;s\u00e8che-linge, ainsi que de [&hellip;]\" \/>\n<meta property=\"og:url\" content=\"https:\/\/www.manonenluberon.fr\/index.php\/accommodation\/grand-luberon\/\" \/>\n<meta property=\"og:site_name\" content=\"Manon en Luberon\" \/>\n<meta property=\"article:modified_time\" content=\"2025-05-12T13:59:56+00:00\" \/>\n<meta property=\"og:image\" content=\"https:\/\/www.manonenluberon.fr\/wp-content\/uploads\/2023\/05\/PXL_20230422_1355173742-scaled.jpg\" \/>\n\t<meta property=\"og:image:width\" content=\"2560\" \/>\n\t<meta property=\"og:image:height\" content=\"1688\" \/>\n\t<meta property=\"og:image:type\" content=\"image\/jpeg\" \/>\n<meta name=\"twitter:card\" content=\"summary_large_image\" \/>\n<meta name=\"twitter:label1\" content=\"Dur\u00e9e de lecture estim\u00e9e\" \/>\n\t<meta name=\"twitter:data1\" content=\"2 minutes\" \/>\n<script type=\"application\/ld+json\" class=\"yoast-schema-graph\">{\"@context\":\"https:\/\/schema.org\",\"@graph\":[{\"@type\":\"WebPage\",\"@id\":\"https:\/\/www.manonenluberon.fr\/index.php\/accommodation\/grand-luberon\/\",\"url\":\"https:\/\/www.manonenluberon.fr\/index.php\/accommodation\/grand-luberon\/\",\"name\":\"G\u00eete Grand Luberon - Manon en Luberon\",\"isPartOf\":{\"@id\":\"https:\/\/www.manonenluberon.fr\/#website\"},\"primaryImageOfPage\":{\"@id\":\"https:\/\/www.manonenluberon.fr\/index.php\/accommodation\/grand-luberon\/#primaryimage\"},\"image\":{\"@id\":\"https:\/\/www.manonenluberon.fr\/index.php\/accommodation\/grand-luberon\/#primaryimage\"},\"thumbnailUrl\":\"https:\/\/www.manonenluberon.fr\/wp-content\/uploads\/2023\/05\/PXL_20230422_1355173742-scaled.jpg\",\"datePublished\":\"2023-03-13T20:39:15+00:00\",\"dateModified\":\"2025-05-12T13:59:56+00:00\",\"breadcrumb\":{\"@id\":\"https:\/\/www.manonenluberon.fr\/index.php\/accommodation\/grand-luberon\/#breadcrumb\"},\"inLanguage\":\"fr-FR\",\"potentialAction\":[{\"@type\":\"ReadAction\",\"target\":[\"https:\/\/www.manonenluberon.fr\/index.php\/accommodation\/grand-luberon\/\"]}]},{\"@type\":\"ImageObject\",\"inLanguage\":\"fr-FR\",\"@id\":\"https:\/\/www.manonenluberon.fr\/index.php\/accommodation\/grand-luberon\/#primaryimage\",\"url\":\"https:\/\/www.manonenluberon.fr\/wp-content\/uploads\/2023\/05\/PXL_20230422_1355173742-scaled.jpg\",\"contentUrl\":\"https:\/\/www.manonenluberon.fr\/wp-content\/uploads\/2023\/05\/PXL_20230422_1355173742-scaled.jpg\",\"width\":2560,\"height\":1688},{\"@type\":\"BreadcrumbList\",\"@id\":\"https:\/\/www.manonenluberon.fr\/index.php\/accommodation\/grand-luberon\/#breadcrumb\",\"itemListElement\":[{\"@type\":\"ListItem\",\"position\":1,\"name\":\"Accueil\",\"item\":\"https:\/\/www.manonenluberon.fr\/\"},{\"@type\":\"ListItem\",\"position\":2,\"name\":\"Types de logement\",\"item\":\"https:\/\/www.manonenluberon.fr\/index.php\/accommodation\/\"},{\"@type\":\"ListItem\",\"position\":3,\"name\":\"G\u00eete Grand Luberon\"}]},{\"@type\":\"WebSite\",\"@id\":\"https:\/\/www.manonenluberon.fr\/#website\",\"url\":\"https:\/\/www.manonenluberon.fr\/\",\"name\":\"Manon en Luberon\",\"description\":\"G\u00eetes et Chambres d&#039;h\u00f4tes en Provence\",\"publisher\":{\"@id\":\"https:\/\/www.manonenluberon.fr\/#organization\"},\"potentialAction\":[{\"@type\":\"SearchAction\",\"target\":{\"@type\":\"EntryPoint\",\"urlTemplate\":\"https:\/\/www.manonenluberon.fr\/?s={search_term_string}\"},\"query-input\":{\"@type\":\"PropertyValueSpecification\",\"valueRequired\":true,\"valueName\":\"search_term_string\"}}],\"inLanguage\":\"fr-FR\"},{\"@type\":\"Organization\",\"@id\":\"https:\/\/www.manonenluberon.fr\/#organization\",\"name\":\"Manon en Luberon\",\"url\":\"https:\/\/www.manonenluberon.fr\/\",\"logo\":{\"@type\":\"ImageObject\",\"inLanguage\":\"fr-FR\",\"@id\":\"https:\/\/www.manonenluberon.fr\/#\/schema\/logo\/image\/\",\"url\":\"https:\/\/www.manonenluberon.fr\/wp-content\/uploads\/2022\/11\/Sans-titre-2-e1671486317725.png\",\"contentUrl\":\"https:\/\/www.manonenluberon.fr\/wp-content\/uploads\/2022\/11\/Sans-titre-2-e1671486317725.png\",\"width\":883,\"height\":664,\"caption\":\"Manon en Luberon\"},\"image\":{\"@id\":\"https:\/\/www.manonenluberon.fr\/#\/schema\/logo\/image\/\"}}]}<\/script>\n<!-- \/ Yoast SEO plugin. -->","yoast_head_json":{"title":"G\u00eete Grand Luberon - Manon en Luberon","robots":{"index":"index","follow":"follow","max-snippet":"max-snippet:-1","max-image-preview":"max-image-preview:large","max-video-preview":"max-video-preview:-1"},"canonical":"https:\/\/www.manonenluberon.fr\/index.php\/accommodation\/grand-luberon\/","og_locale":"fr_FR","og_type":"article","og_title":"G\u00eete Grand Luberon - Manon en Luberon","og_description":"Ce&nbsp;g\u00eete de charme class\u00e9 4 \u00e9toiles, situ\u00e9 au c\u0153ur du&nbsp;Luberon&nbsp;en&nbsp;Provence, offre un cadre parfait pour des&nbsp;vacances en famille. Avec une superficie d\u2019environ 55 m\u00b2, il est enti\u00e8rement&nbsp;climatis\u00e9&nbsp;et peut accueillir jusqu\u2019\u00e0 4 personnes, alliant confort moderne et authenticit\u00e9. Le g\u00eete se compose : Pour votre confort, le g\u00eete est \u00e9quip\u00e9 d\u2019un&nbsp;lave-vaisselle, d\u2019un&nbsp;lave-linge&nbsp;et d\u2019un&nbsp;s\u00e8che-linge, ainsi que de [&hellip;]","og_url":"https:\/\/www.manonenluberon.fr\/index.php\/accommodation\/grand-luberon\/","og_site_name":"Manon en Luberon","article_modified_time":"2025-05-12T13:59:56+00:00","og_image":[{"width":2560,"height":1688,"url":"https:\/\/www.manonenluberon.fr\/wp-content\/uploads\/2023\/05\/PXL_20230422_1355173742-scaled.jpg","type":"image\/jpeg"}],"twitter_card":"summary_large_image","twitter_misc":{"Dur\u00e9e de lecture estim\u00e9e":"2 minutes"},"schema":{"@context":"https:\/\/schema.org","@graph":[{"@type":"WebPage","@id":"https:\/\/www.manonenluberon.fr\/index.php\/accommodation\/grand-luberon\/","url":"https:\/\/www.manonenluberon.fr\/index.php\/accommodation\/grand-luberon\/","name":"G\u00eete Grand Luberon - Manon en Luberon","isPartOf":{"@id":"https:\/\/www.manonenluberon.fr\/#website"},"primaryImageOfPage":{"@id":"https:\/\/www.manonenluberon.fr\/index.php\/accommodation\/grand-luberon\/#primaryimage"},"image":{"@id":"https:\/\/www.manonenluberon.fr\/index.php\/accommodation\/grand-luberon\/#primaryimage"},"thumbnailUrl":"https:\/\/www.manonenluberon.fr\/wp-content\/uploads\/2023\/05\/PXL_20230422_1355173742-scaled.jpg","datePublished":"2023-03-13T20:39:15+00:00","dateModified":"2025-05-12T13:59:56+00:00","breadcrumb":{"@id":"https:\/\/www.manonenluberon.fr\/index.php\/accommodation\/grand-luberon\/#breadcrumb"},"inLanguage":"fr-FR","potentialAction":[{"@type":"ReadAction","target":["https:\/\/www.manonenluberon.fr\/index.php\/accommodation\/grand-luberon\/"]}]},{"@type":"ImageObject","inLanguage":"fr-FR","@id":"https:\/\/www.manonenluberon.fr\/index.php\/accommodation\/grand-luberon\/#primaryimage","url":"https:\/\/www.manonenluberon.fr\/wp-content\/uploads\/2023\/05\/PXL_20230422_1355173742-scaled.jpg","contentUrl":"https:\/\/www.manonenluberon.fr\/wp-content\/uploads\/2023\/05\/PXL_20230422_1355173742-scaled.jpg","width":2560,"height":1688},{"@type":"BreadcrumbList","@id":"https:\/\/www.manonenluberon.fr\/index.php\/accommodation\/grand-luberon\/#breadcrumb","itemListElement":[{"@type":"ListItem","position":1,"name":"Accueil","item":"https:\/\/www.manonenluberon.fr\/"},{"@type":"ListItem","position":2,"name":"Types de logement","item":"https:\/\/www.manonenluberon.fr\/index.php\/accommodation\/"},{"@type":"ListItem","position":3,"name":"G\u00eete Grand Luberon"}]},{"@type":"WebSite","@id":"https:\/\/www.manonenluberon.fr\/#website","url":"https:\/\/www.manonenluberon.fr\/","name":"Manon en Luberon","description":"G\u00eetes et Chambres d&#039;h\u00f4tes en Provence","publisher":{"@id":"https:\/\/www.manonenluberon.fr\/#organization"},"potentialAction":[{"@type":"SearchAction","target":{"@type":"EntryPoint","urlTemplate":"https:\/\/www.manonenluberon.fr\/?s={search_term_string}"},"query-input":{"@type":"PropertyValueSpecification","valueRequired":true,"valueName":"search_term_string"}}],"inLanguage":"fr-FR"},{"@type":"Organization","@id":"https:\/\/www.manonenluberon.fr\/#organization","name":"Manon en Luberon","url":"https:\/\/www.manonenluberon.fr\/","logo":{"@type":"ImageObject","inLanguage":"fr-FR","@id":"https:\/\/www.manonenluberon.fr\/#\/schema\/logo\/image\/","url":"https:\/\/www.manonenluberon.fr\/wp-content\/uploads\/2022\/11\/Sans-titre-2-e1671486317725.png","contentUrl":"https:\/\/www.manonenluberon.fr\/wp-content\/uploads\/2022\/11\/Sans-titre-2-e1671486317725.png","width":883,"height":664,"caption":"Manon en Luberon"},"image":{"@id":"https:\/\/www.manonenluberon.fr\/#\/schema\/logo\/image\/"}}]}},"_links":{"self":[{"href":"https:\/\/www.manonenluberon.fr\/index.php\/wp-json\/wp\/v2\/mphb_room_type\/834","targetHints":{"allow":["GET"]}}],"collection":[{"href":"https:\/\/www.manonenluberon.fr\/index.php\/wp-json\/wp\/v2\/mphb_room_type"}],"about":[{"href":"https:\/\/www.manonenluberon.fr\/index.php\/wp-json\/wp\/v2\/types\/mphb_room_type"}],"replies":[{"embeddable":true,"href":"https:\/\/www.manonenluberon.fr\/index.php\/wp-json\/wp\/v2\/comments?post=834"}],"wp:featuredmedia":[{"embeddable":true,"href":"https:\/\/www.manonenluberon.fr\/index.php\/wp-json\/wp\/v2\/media\/11483"}],"wp:attachment":[{"href":"https:\/\/www.manonenluberon.fr\/index.php\/wp-json\/wp\/v2\/media?parent=834"}],"wp:term":[{"taxonomy":"mphb_room_type_category","embeddable":true,"href":"https:\/\/www.manonenluberon.fr\/index.php\/wp-json\/wp\/v2\/mphb_room_type_category?post=834"},{"taxonomy":"mphb_room_type_tag","embeddable":true,"href":"https:\/\/www.manonenluberon.fr\/index.php\/wp-json\/wp\/v2\/mphb_room_type_tag?post=834"},{"taxonomy":"mphb_room_type_facility","embeddable":true,"href":"https:\/\/www.manonenluberon.fr\/index.php\/wp-json\/wp\/v2\/mphb_room_type_facility?post=834"}],"curies":[{"name":"wp","href":"https:\/\/api.w.org\/{rel}","templated":true}]}}